{"id":403,"date":"2024-03-01T19:52:30","date_gmt":"2024-03-01T19:52:30","guid":{"rendered":"https:\/\/new.mnaa.cl\/wp\/?post_type=project&#038;p=403"},"modified":"2025-02-20T15:10:28","modified_gmt":"2025-02-20T15:10:28","slug":"casa_camino_a_farellones","status":"publish","type":"project","link":"https:\/\/new.mnaa.cl\/index.php\/project\/casa_camino_a_farellones\/","title":{"rendered":"06_D_casa_camino_a_farellones"},"template":"","meta":{"_acf_changed":false},"project-categories":[],"class_list":["post-403","project","type-project","status-publish","hentry"],"acf":{"project_id":6,"project_title":"Casa Camino a Farellones","project_filter":"destacado","project_type":"proyecto","year":2006,"location":"Las Condes, Santiago, Chile","surface":"230 m\u00b2","architects":"Max N\u00fa\u00f1ez, Bernardo Vald\u00e9s","lead_architects":"-","associate_architect":"-","team":"-","client":"-","summary":"Ubicado en el l\u00edmite oriente de Santiago. El proyecto se origina de las condiciones preexistentes del lugar; su pendiente natural, vegetaci\u00f3n predominante, vistas a la cordillera y requerimientos del cliente.\r\n\r\nLa topograf\u00eda del lugar es interrumpida por una plataforma horizontal de 8 \u00d7 36 m orientada en direcci\u00f3n norte-sur, perpendicular a la pendiente del terreno. Sobre esta, en un pabell\u00f3n abierto, se ubican las zonas m\u00e1s expuestas del programa; bajo ella, en un cuerpo contenido de hormig\u00f3n, las zonas m\u00e1s \u00edntimas.\r\n\r\nEl pabell\u00f3n es un espacio que puede ser ocupado de distintas formas. Contiene equipamiento de cocina, una mesa y muebles confortables. Desde ac\u00e1 la vista atraviesa hacia las monta\u00f1as y la profundidad del valle. Su tama\u00f1o es tal que permite, a pesar de su exposici\u00f3n, mantener la sensaci\u00f3n de privacidad para sus ocupantes. Acepta el paso del sol pero lo controla a trav\u00e9s de cortinas y aleros. Dos ventanas correderas hacia las terrazas permiten una ventilaci\u00f3n fluida. Estas ventanas, la horizontalidad de la plataforma y la extensi\u00f3n de los aleros acent\u00faan la prolongaci\u00f3n del interior hacia el exterior.\r\n\r\nLa terraza norte es un espacio completamente expuesto que contiene una peque\u00f1a piscina. La terraza sur es una plataforma de piedra elevada 70 cm sobre el nivel de la terraza norte, donde se mantuvo un espino que genera un lugar sombr\u00edo y protegido.\r\n\r\nBajo la plataforma, descendiendo desde el pabell\u00f3n y en torno al vac\u00edo de la piscina, se organizan en un solo espacio continuo; dormitorio, sala de ba\u00f1o, closets y biblioteca. Este espacio contenido por gruesos muros de hormig\u00f3n contrasta con las vistas panor\u00e1micas del pabell\u00f3n superior. Ac\u00e1 la relaci\u00f3n con el paisaje es a trav\u00e9s de aberturas precisas y controladas.","category":2,"cover":278,"project_images":{"image_1":276,"image_2":1336,"image_3":279,"image_4":278,"image_5":1356,"image_6":1355,"image_7":277,"image_8":1216,"image_9":"","image_10":1217,"image_11":"","image_12":"","image_13":"","image_14":""}},"_links":{"self":[{"href":"https:\/\/new.mnaa.cl\/index.php\/wp-json\/wp\/v2\/projects\/403","targetHints":{"allow":["GET"]}}],"collection":[{"href":"https:\/\/new.mnaa.cl\/index.php\/wp-json\/wp\/v2\/projects"}],"about":[{"href":"https:\/\/new.mnaa.cl\/index.php\/wp-json\/wp\/v2\/types\/project"}],"acf:term":[{"embeddable":true,"taxonomy":"project-category","href":"https:\/\/new.mnaa.cl\/index.php\/wp-json\/wp\/v2\/project-categories\/2"}],"wp:attachment":[{"href":"https:\/\/new.mnaa.cl\/index.php\/wp-json\/wp\/v2\/media?parent=403"}],"wp:term":[{"taxonomy":"project-category","embeddable":true,"href":"https:\/\/new.mnaa.cl\/index.php\/wp-json\/wp\/v2\/project-categories?post=403"}],"curies":[{"name":"wp","href":"https:\/\/api.w.org\/{rel}","templated":true}]}}