{"id":548,"date":"2024-03-01T22:34:58","date_gmt":"2024-03-01T22:34:58","guid":{"rendered":"https:\/\/new.mnaa.cl\/wp\/?post_type=project&#038;p=548"},"modified":"2025-04-10T22:28:51","modified_gmt":"2025-04-10T22:28:51","slug":"bade","status":"publish","type":"project","link":"https:\/\/new.mnaa.cl\/index.php\/project\/bade\/","title":{"rendered":"73_D_bade"},"template":"","meta":{"_acf_changed":false},"project-categories":[],"class_list":["post-548","project","type-project","status-publish","hentry"],"acf":{"project_id":73,"project_title":"BADe","project_filter":"destacado","project_type":"proyecto","year":2022,"location":"Valdivia, Los R\u00edos, Chile","surface":"8475 m\u00b2","architects":"Max N\u00fa\u00f1ez Arquitectos","lead_architects":"Max N\u00fa\u00f1ez, Stefano Rolla","associate_architect":"-","team":"Carlos Rosas, Sebasti\u00e1n Jara, Fabi\u00e1n Leiva","client":"Servicio Nacional del Patrimonio","summary":"La propuesta para la nueva Biblioteca, Archivo y Dep\u00f3sito Regional de Los R\u00edos acent\u00faa la condici\u00f3n de Valdivia como una ciudad humedal, cuya vida e historia son indivisibles de sus r\u00edos y humedales.\r\nLa intervenci\u00f3n propone liberar lo m\u00e1s posible el sitio en el nivel de la costanera Av. Arturo Prat, disminuyendo al m\u00ednimo la huella del edificio en su primer piso. De los 6.628 m2 del terreno, 5.500m2 se transforman en una gran plaza p\u00fablica, sirviendo como lugar de reuni\u00f3n y acceso a la biblioteca.\r\nCon un paisajismo de \u00e1reas h\u00famedas y secas, se utilizan especies propias de la zona, pobl\u00e1ndose con plantas acu\u00e1ticas, \u00e1rboles y arbustos nativos. Si hist\u00f3ricamente el desarrollo de la ciudad de Valdivia ha sido moldeado por su relaci\u00f3n con el r\u00edo Calle Calle, la definici\u00f3n de la plaza como nivel de acceso p\u00fablico al proyecto es una determinaci\u00f3n central en la propuesta. Siendo un punto intermedio entre la Av. Ram\u00f3n Picarte y Av. Arturo Prat, esta plaza re\u00fane la naturaleza fluvial y la actividad urbana generando una distancia necesaria entre la Biblioteca y el ruido de la calle. La relevancia y escala regional de esta gran infraestructura cultural tendr\u00e1 la capacidad de reactivar la relaci\u00f3n entre la ciudad y el r\u00edo en esta \u00e1rea, potenciando el flujo sobre la Av. Arturo Prat y eventualmente, restableciendo al r\u00edo Calle Calle como una v\u00eda de transporte fluvial.\r\nSobre esta superficie p\u00fablica, el edificio se levanta suspendido sobre grandes columnas, entreg\u00e1ndole a la plaza amplias zonas cubiertas, conformando un paseo protegido de las constantes lluvias de la zona, permitiendo su uso durante todo el a\u00f1o y conectando de manera fluida mediante escaleras y rampas p\u00fablicas la Av. Ram\u00f3n Picarte y la Av. Arturo Prat, sin generar espaldas hacia ninguno de sus frentes.","category":5,"cover":163,"project_images":{"image_1":162,"image_2":164,"image_3":661,"image_4":662,"image_5":163,"image_6":1464,"image_7":1465,"image_8":158,"image_9":157,"image_10":1498,"image_11":"","image_12":"","image_13":"","image_14":159}},"_links":{"self":[{"href":"https:\/\/new.mnaa.cl\/index.php\/wp-json\/wp\/v2\/projects\/548","targetHints":{"allow":["GET"]}}],"collection":[{"href":"https:\/\/new.mnaa.cl\/index.php\/wp-json\/wp\/v2\/projects"}],"about":[{"href":"https:\/\/new.mnaa.cl\/index.php\/wp-json\/wp\/v2\/types\/project"}],"acf:term":[{"embeddable":true,"taxonomy":"project-category","href":"https:\/\/new.mnaa.cl\/index.php\/wp-json\/wp\/v2\/project-categories\/5"}],"wp:attachment":[{"href":"https:\/\/new.mnaa.cl\/index.php\/wp-json\/wp\/v2\/media?parent=548"}],"wp:term":[{"taxonomy":"project-category","embeddable":true,"href":"https:\/\/new.mnaa.cl\/index.php\/wp-json\/wp\/v2\/project-categories?post=548"}],"curies":[{"name":"wp","href":"https:\/\/api.w.org\/{rel}","templated":true}]}}